{"id":281,"date":"2019-11-15T14:04:48","date_gmt":"2019-11-15T14:04:48","guid":{"rendered":"https:\/\/fecht-club-ravenstein.de\/?page_id=281"},"modified":"2019-11-15T14:34:02","modified_gmt":"2019-11-15T14:34:02","slug":"fc-ravenstein","status":"publish","type":"page","link":"http:\/\/fecht-club.de\/index.php\/fc-ravenstein\/","title":{"rendered":"FCR"},"content":{"rendered":"\t\t<div data-elementor-type=\"wp-page\" data-elementor-id=\"281\" class=\"elementor elementor-281\">\n\t\t\t\t\t\t<section class=\"elementor-section elementor-top-section elementor-element elementor-element-9063c23 elementor-section-boxed elementor-section-height-default elementor-section-height-default\" data-id=\"9063c23\" data-element_type=\"section\">\n\t\t\t\t\t\t<div class=\"elementor-container elementor-column-gap-default\">\n\t\t\t\t\t<div class=\"elementor-column elementor-col-100 elementor-top-column elementor-element elementor-element-b5d1f88\" data-id=\"b5d1f88\" data-element_type=\"column\">\n\t\t\t<div class=\"elementor-widget-wrap elementor-element-populated\">\n\t\t\t\t\t\t<div class=\"elementor-element elementor-element-b8974e7 elementor-widget elementor-widget-text-editor\" data-id=\"b8974e7\" data-element_type=\"widget\" data-widget_type=\"text-editor.default\">\n\t\t\t\t<div class=\"elementor-widget-container\">\n\t\t\t\t\t\t\t<p>Der Fechtclub Ravenstein ist einer der wenigen Vereine die aus der, auf Initiative von Emil Beck gegr\u00fcndeten Arbeitsgemeinschaft (AG) Badisch-Franken hervorgingen und noch existieren. Im Vordergrund unseres Vereins steht die F\u00f6rderung der Jugend. So ist es nicht verwunderlich das aus den Reihen unseres Vereins Talente entsprungen sind, die bereits Deutsche Meistertitel ja sogar Bronze bei den Junioren und Vizeweltmeistertitel bei den Kadetten erreicht haben. In enger Zusammenarbeit mit dem Olympia-St\u00fctzpunkt Tauberbischofsheim bieten wir gute Trainingsm\u00f6glichkeiten. Da unsere Fechter aus der weiteren Umgebung kommen, sind unsere Trainingspl\u00e4tze in Merchingen und Osterburken verteilt.<\/p><p>Es stehen derzeit eine Reihe von Trainern zur Verf\u00fcgung, bekanntester Trainer ist Alexander Pusch (mehrfacher Weltmeister und Olympiasieger).<\/p><p>Falls sie Kinder haben, die Interesse am Fechten zeigen, dann melden Sie sich doch bei uns.<br \/>Es sind keine sportlichen Vorkenntnisse n\u00f6tig. Es ist lediglich Trainingskleidung mitzubringen.<\/p>\t\t\t\t\t\t<\/div>\n\t\t\t\t<\/div>\n\t\t\t\t\t<\/div>\n\t\t<\/div>\n\t\t\t\t\t<\/div>\n\t\t<\/section>\n\t\t\t\t<section class=\"elementor-section elementor-top-section elementor-element elementor-element-9f01307 elementor-section-boxed elementor-section-height-default elementor-section-height-default\" data-id=\"9f01307\" data-element_type=\"section\">\n\t\t\t\t\t\t<div class=\"elementor-container elementor-column-gap-default\">\n\t\t\t\t\t<div class=\"elementor-column elementor-col-100 elementor-top-column elementor-element elementor-element-f4537d7\" data-id=\"f4537d7\" data-element_type=\"column\">\n\t\t\t<div class=\"elementor-widget-wrap elementor-element-populated\">\n\t\t\t\t\t\t<div class=\"elementor-element elementor-element-4edb062 elementor-button-info elementor-align-center elementor-widget elementor-widget-button\" data-id=\"4edb062\" data-element_type=\"widget\" data-widget_type=\"button.default\">\n\t\t\t\t<div class=\"elementor-widget-container\">\n\t\t\t\t\t<div class=\"elementor-button-wrapper\">\n\t\t\t<a class=\"elementor-button elementor-button-link elementor-size-md\" href=\"https:\/\/fecht-club-ravenstein.de\/index.php\/team\/\">\n\t\t\t\t\t\t<span class=\"elementor-button-content-wrapper\">\n\t\t\t\t\t\t\t\t\t<span class=\"elementor-button-text\">Trainer - Vorstand<\/span>\n\t\t\t\t\t<\/span>\n\t\t\t\t\t<\/a>\n\t\t<\/div>\n\t\t\t\t<\/div>\n\t\t\t\t<\/div>\n\t\t\t\t\t<\/div>\n\t\t<\/div>\n\t\t\t\t\t<\/div>\n\t\t<\/section>\n\t\t\t\t<section class=\"elementor-section elementor-top-section elementor-element elementor-element-23321ce elementor-section-boxed elementor-section-height-default elementor-section-height-default\" data-id=\"23321ce\" data-element_type=\"section\">\n\t\t\t\t\t\t<div class=\"elementor-container elementor-column-gap-default\">\n\t\t\t\t\t<div class=\"elementor-column elementor-col-100 elementor-top-column elementor-element elementor-element-d174792\" data-id=\"d174792\" data-element_type=\"column\">\n\t\t\t<div class=\"elementor-widget-wrap elementor-element-populated\">\n\t\t\t\t\t\t<div class=\"elementor-element elementor-element-532e7f2 elementor-widget-divider--view-line elementor-widget elementor-widget-divider\" data-id=\"532e7f2\" data-element_type=\"widget\" data-widget_type=\"divider.default\">\n\t\t\t\t<div class=\"elementor-widget-container\">\n\t\t\t\t\t<div class=\"elementor-divider\">\n\t\t\t<span class=\"elementor-divider-separator\">\n\t\t\t\t\t\t<\/span>\n\t\t<\/div>\n\t\t\t\t<\/div>\n\t\t\t\t<\/div>\n\t\t\t\t\t<\/div>\n\t\t<\/div>\n\t\t\t\t\t<\/div>\n\t\t<\/section>\n\t\t\t\t<section class=\"elementor-section elementor-top-section elementor-element elementor-element-5ef84f2 elementor-section-boxed elementor-section-height-default elementor-section-height-default\" data-id=\"5ef84f2\" data-element_type=\"section\">\n\t\t\t\t\t\t<div class=\"elementor-container elementor-column-gap-default\">\n\t\t\t\t\t<div class=\"elementor-column elementor-col-100 elementor-top-column elementor-element elementor-element-9b20909\" data-id=\"9b20909\" data-element_type=\"column\">\n\t\t\t<div class=\"elementor-widget-wrap elementor-element-populated\">\n\t\t\t\t\t\t<div class=\"elementor-element elementor-element-a65a6d8 elementor-widget elementor-widget-heading\" data-id=\"a65a6d8\" data-element_type=\"widget\" data-widget_type=\"heading.default\">\n\t\t\t\t<div class=\"elementor-widget-container\">\n\t\t\t<h2 class=\"elementor-heading-title elementor-size-medium\">Satzung des FC Ravenstein<\/h2>\t\t<\/div>\n\t\t\t\t<\/div>\n\t\t\t\t\t<\/div>\n\t\t<\/div>\n\t\t\t\t\t<\/div>\n\t\t<\/section>\n\t\t\t\t<section class=\"elementor-section elementor-top-section elementor-element elementor-element-2ec59de elementor-section-boxed elementor-section-height-default elementor-section-height-default\" data-id=\"2ec59de\" data-element_type=\"section\">\n\t\t\t\t\t\t<div class=\"elementor-container elementor-column-gap-default\">\n\t\t\t\t\t<div class=\"elementor-column elementor-col-100 elementor-top-column elementor-element elementor-element-d01d74e\" data-id=\"d01d74e\" data-element_type=\"column\">\n\t\t\t<div class=\"elementor-widget-wrap elementor-element-populated\">\n\t\t\t\t\t\t<div class=\"elementor-element elementor-element-ce71a22 elementor-widget elementor-widget-text-editor\" data-id=\"ce71a22\" data-element_type=\"widget\" data-widget_type=\"text-editor.default\">\n\t\t\t\t<div class=\"elementor-widget-container\">\n\t\t\t\t\t\t\t<h4>\u00a71<\/h4><p><strong>Sitz, Name<\/strong><br \/><br \/><\/p><p>Der am 18. Oktober 1993 in Ravenstein gegr\u00fcndete Verein f\u00fchrt den Namen<br \/>&#8222;Fecht-Club Ravenstein&#8220;<br \/>Der Verein hat seinen Sitz in 74747 Ravenstein. Der Verein soll in das Vereinsregister des Amtsgerichtes Adelsheim eingetragen werden. Nach der Eintragung f\u00fchrt er zu seinem Namen &#8222;Fecht-Club Ravenstein&#8220; den Zusatz &#8222;e.V.&#8220;<\/p><h4>\u00a72<\/h4><p><strong>Vereinszweck und Gemeinn\u00fctzigkeit<\/strong><br \/><br \/><\/p><p>Der Verein verfolgt ausschlie\u00dflich und unmittelbar gemeinn\u00fctzige Zwecke im Sinne des Abschnitts &#8222;Steuerbeg\u00fcnstigte Zwecke&#8220; der Abgabenordnung. Zweck des Vereins ist die F\u00f6rderung des Sports. Der Satzungszweck wird verwirklicht insbesondere durch Errichtung von Sportanlagen sowie F\u00f6rderung sportlicher \u00dcbungen und Leistungen. Der Verein ist selbstlos t\u00e4tig, er verfolgt nicht in erster Linie eigenwirtschaftliche Zwecke. Mittel des Vereins d\u00fcrfen nur f\u00fcr die satzungsm\u00e4\u00dfigen Zwecke verwendet werden. Die Mitglieder erhalten keine Zuwendungen aus Mitteln des Vereins. Es darf keine Person durch Ausgaben, die dem Zweck der K\u00f6rperschaft fremd sind oder durch unverh\u00e4ltnism\u00e4\u00dfig hohe Verg\u00fctungen beg\u00fcnstigt werden.<\/p><h4>\u00a73<\/h4><p><strong>Erwerb der Mitgliedschaft<\/strong><br \/><br \/><\/p><ol><li>Mitglied des Vereins kann jede nat\u00fcrliche Person werden.<\/li><li>Wer die Mitgliedschaft erwerben will hat an den Vorstand ein schriftliches Aufnahmegesuch zu richten. Bei Minderj\u00e4hrigen ist die Zustimmung des gesetzlichen Vertreters erforderlich. Die Aufnahme erfolgt durch den Vorstand.<\/li><li>Bei Verleihung der Ehrenmitgliedschaft wird eine Urkunde durch ein Vorstandsmitglied \u00fcberreicht. Die Urkunde ist vom Vorstandsvorsitzenden und einem weiteren Vorstandsmitglied zu unterzeichnen.<\/li><\/ol><h4>\u00a74<\/h4><p><strong>Verlust der Mitgliedschaft<\/strong><\/p><ol><li>Die Mitgliedschaft, erlischt durch Austritt, Tod oder Ausschluss aus dem Verein. Die Austrittserkl\u00e4rung ist schriftlich an den Vorstand zu richten.<\/li><li>Der Austritt ist nur zum Ende eines Kalenderjahres unter Einhaltung einer Frist von sechs Wochen zul\u00e4ssig.<\/li><li>Ein Mitglied kann, nach vorheriger Anh\u00f6rung, vom Vorstand aus dem Verein ausgeschlossen werden.<\/li><\/ol><ol type=\"a\"><li>wegen Nichterf\u00fcllung seiner satzungsm\u00e4\u00dfigen Verpflichtungen oder Missachtung von Anordnungen der Organe des Vereines.<\/li><li>wegen Nichtzahlung von Beitr\u00e4gen trotz Mahnung.<\/li><li>wegen schweren Versto\u00dfes gegen die Interessen des Vereins oder groben unsportlichen Verhaltens.<\/li><li>wegen unehrenhafter Handlungen.<\/li><\/ol><h4>\u00a75<\/h4><p><strong>Beitr\u00e4ge<\/strong><\/p><p>Der Mitgliedsbeitrag sowie au\u00dferordentliche Beitr\u00e4ge werden von der Mitgliederversammlung festgelegt.<\/p><h4>\u00a76<\/h4><p><strong>Stimmrecht und W\u00e4hlbarkeit<\/strong><\/p><p>Stimmberechtigt sind alle Mitglieder vom vollendeten 16. Lebensjahr an. J\u00fcngere Mitglieder k\u00f6nnen an der Mitgliederversammlung und den Abteilungsversammlungen teilnehmen. Als Vorstandsmitglieder sind Mitglieder vom vollendeten 18. Lebensjahr an w\u00e4hlbar.<\/p><h4>\u00a77<\/h4><p><strong>Ma\u00dfregelungen<\/strong><\/p><p>Gegen Mitglieder, die gegen Satzung oder gegen die Anordnungen der Vereinsorgane versto\u00dfen, k\u00f6nnen nach vorheriger Anh\u00f6rung vom Vorstand folgende Ma\u00dfnahmen verh\u00e4ngt werden:<\/p><ol type=\"a\"><li>Verweis<\/li><li>angemessene Geldstrafe<\/li><li>zeitlich begrenztes Verbot der Teilnahme am Sportbetrieb und den Veranstaltungen des Vereins, Ma\u00dfregelungen sind mit Begr\u00fcndung und Angabe der Rechtsmittel auszusprechen<\/li><\/ol><h4>\u00a78<\/h4><p><strong>Rechtsmittel<\/strong><\/p><p>Gegen eine Ablehnung der Aufnahme (\u00a7 3 Ziffer 2), gegen einen Ausschluss (\u00a7 4 Ziffer 3) sowie gegen eine Ma\u00dfregelung (\u00a7 7) ist der Einspruch zul\u00e4ssig. Dieser ist innerhalb von zwei Wochen &#8211; vom Zugang des Bescheides gerechnet &#8211; beim Vorsitzenden einzureichen. \u00dcber den Einspruch entscheidet der Vorstand endg\u00fcltig.<\/p><h4>\u00a79<\/h4><p><strong>Vereins &#8211; Organe<\/strong><\/p><p>Organe des Vereins sind:<\/p><ol type=\"a\"><li>die Mitgliederversammlung<\/li><li>der Vorstand<\/li><\/ol><h3>\u00a710<\/h3><p><strong>Mitgliederversammlung<\/strong><\/p><ol><li>Oberstes Organ des Vereins ist die Mitgliederversammlung.<\/li><li>Eine ordentliche Mitgliederversammlung (Jahreshauptversammlung) findet einmal im Jahr statt.<\/li><li>Eine au\u00dferordentliche Mitgliederversammlung ist innerhalb einer Frist von drei Wochen mit entsprechender Tagesordnung einzuberufen, wenn es<ol type=\"a\"><li>der Vorstand beschlie\u00dft<\/li><li>ein Viertel der stimmberechtigten Mitglieder schriftlich beim Vorsitzenden beantragt hat.<\/li><\/ol><\/li><li>Die Einberufung der Mitgliederversammlungen erfolgt schriftlich durch den Vorstand. Zwischen dem Tag der Einladung und dem Termin der Versammlung muss eine Frist von drei Wochen liegen.<\/li><li>Mit der Einberufung der ordentlichen Mitgliederversammlung ist die Tagesordnung mitzuteilen. Diese muss folgende Punkte enthalten: a) Entgegennahme der Berichte<ol type=\"a\"><li>Kassenbericht und Bericht der Kassenpr\u00fcfer<\/li><li>Entlastung des Vorstandes.<\/li><li>Wahlen, soweit diese erforderlich sind<\/li><li>Beschlussfassung \u00fcber vorliegende Antr\u00e4ge<\/li><\/ol><\/li><li>Die Mitgliederversammlung ist ohne R\u00fccksicht auf die Zahl der erschienenen Mitglieder beschlussf\u00e4hig.<\/li><li>Die Beschl\u00fcsse werden mit einfacher Mehrheit der anwesenden stimmberechtigten Mitglieder gefasst. Bei Stimmengleichheit gilt ein Antrag als abgelehnt. Satzungs\u00e4nderungen k\u00f6nnen nur mit einer Mehrheit von zwei Dritteln der erschienenen stimmberechtigten Mitglieder beschossen werden.<\/li><li>\u00dcber Antr\u00e4ge, die nicht in der Tagesordnung verzeichnet sind, kann in der Mitgliederversammlung nur abgestimmt werden, wenn diese Antr\u00e4ge mindestens zwei Wochen vor der Versammlung schriftlich beim Vorsitzenden des Vereins eingegangen sind und den Mitgliedern mindestens eine Woche vorher zur Kenntnis gebracht wurden. Dringlichkeitsantr\u00e4ge d\u00fcrfen nur behandelt werden, wenn die Mitgliederversammlung mit einer Zweidrittel-Mehrheit beschlie\u00dft, dass sie als Tagesordnungspunkte aufgenommen werden. Ein Dringlichkeitsantrag auf Satzungs\u00e4nderung bedarf der Einstimmigkeit.<\/li><li>Dem Antrag eines Mitgliedes auf geheime Abstimmung muss entsprochen werden<\/li><\/ol><h4>\u00a711<\/h4><p><strong>Vorstand<\/strong><\/p><ol><li>Der Vorstand besteht aus- dem Vorsitzenden- dem stellvertretenden Vorsitzenden- dem Vorstand Sport- dem Vorstand Finanzen- dem Vorstand Presse- dem Vorstand Jugend- dem Vorstand Technik- dem Vorstand Organisation<\/li><li>Vorstand im Sinne des \u00a7 26 BGB sind der Vorsitzende und sein Stellvertreter und der Vorstand Finanzen. Sie vertreten den Verein gerichtlich und au\u00dfergerichtlich. Jeder von ihnen ist allein vertretungsberechtigt. Im Innenverh\u00e4ltnis zum Verein wird der Stellvertreter jedoch nur bei Verhinderung des ersten Vorsitzenden und der Vorstand Finanzen nur bei Verhinderung des ersten Vorsitzenden und seines Stellvertreters t\u00e4tig.<\/li><li>Der Vorsitzende beruft und leitet die Sitzungen des Vorstandes. Der Vorstand tritt zusammen, wenn es das Vereinsinteresse erfordert oder drei seiner Mitglieder es beantragen. Er ist beschlussf\u00e4hig, wenn die H\u00e4lfte seiner Mitglieder anwesend ist. Bei Ausscheiden eines Vorstandsmitgliedes ist der Vorstand berechtigt, ein neues Mitglied kommissarisch bis zur n\u00e4chsten Wahl zu berufen.<\/li><li>Zu den Aufgaben des Vorstandes geh\u00f6ren insbesondere die Durchf\u00fchrung der Beschl\u00fcsse der Mitgliederversammlung.<\/li><li>Die weiteren Aufgaben und Zust\u00e4ndigkeiten des Vorstandes sowie die Abgrenzung der einzelnen Vorstandsressorts regelt die Gesch\u00e4ftsordnung.<\/li><li>Der Vorstand kann bei Bedarf f\u00fcr sonstige Vereinsaufgaben Aussch\u00fcsse bilden, deren Mitglieder er beruft.<\/li><\/ol><h4>\u00a712<\/h4><p><strong>Protokollierung der Beschl\u00fcsse<\/strong><\/p><p>\u00dcber die Beschl\u00fcsse der Mitgliederversammlung und des Vorstandes ist jeweils ein Protokoll anzufertigen, das vom Versammlungsleiter und dem von ihm bestimmten Protokollf\u00fchrer zu unterzeichnen ist.<\/p><h4>\u00a713<\/h4><p><strong>Wahlen<\/strong><\/p><p>Die Mitglieder des Vorstandes sowie die Kassenpr\u00fcfer werden durch die Mitgliederversammlung auf die Dauer von zwei Jahren gew\u00e4hlt. Sie bleiben so lange im Amt, bis der Nachfolger gew\u00e4hlt ist. Wiederwahl ist zul\u00e4ssig.<\/p><h4>\u00a714<\/h4><p><strong>Kassenpr\u00fcfung<\/strong><\/p><p>Die Kasse des Vereins wird in jedem Jahr durch zwei von der Mitgliederversammlung des Vereins gew\u00e4hlte Kassenpr\u00fcfer gepr\u00fcft. Die Kassenpr\u00fcfer erstatten der Mitgliederversammlung einen Pr\u00fcfungsbericht und beantragen bei ordnungsgem\u00e4\u00dfer F\u00fchrung der Kassengesch\u00e4fte die Entlastung des Kassenwarts.<\/p><h4>\u00a715<\/h4><p><strong>Ordnungen<\/strong><\/p><p>Zur Durchf\u00fchrung der Satzung gibt sich der Verein eine Gesch\u00e4ftsordnung. Diese wird vom Vorstand mit einer Zweidrittel Mehrheit beschl\u00f6ssen:<\/p><h4>\u00a716<\/h4><p><strong>Aufl\u00f6sung des Vereines<\/strong><\/p><ol><li>Die Aufl\u00f6sung des Vereins kann nur in einer zu, diesem Zweck einberufenen au\u00dferordentlichen Mitgliederversammlung beschlossen werden.<\/li><li>Die Einberufung einer solchen Versammlung darf nur erfolgen, wenn es<ol type=\"a\"><li>der Vorstand mit einer Mehrheit von drei Viertel aller seiner Mitglieder beschlossenhat, oder<\/li><li>von einem Drittel der stimmberechtigten Mitglieder des Vereines schriftlich gefordert wurde.<\/li><\/ol><\/li><li>Die Versammlung ist beschlussf\u00e4hig, wenn mindesten 50% der stimmberechtigten Mitglieder anwesend sind. Die Aufl\u00f6sung kann nur mit einer Mehrheit von drei Viertel der erschienenen stimmberechtigten Mitglieder beschlossen werden. Die Abstimmung ist namentlich vorzunehmen.<\/li><li>Sollten bei der ersten Versammlung weniger als 50% der stimmberechtigten Mitglieder anwesend sein, ist eine zweite Versammlung einzuberufen, die dann mit einer Mehrheitvon drei Viertel der anwesenden stimmberechtigten Mitglieder beschlussf\u00e4hig ist.<\/li><li>Bei Aufl\u00f6sung des Vereines bei Wegfall seines bisherigen Zweckes f\u00e4llt das Verm\u00f6gen des Vereines an den<br \/>Badischen Sportbund Stephanienstra\u00dfe 8676133 Karlsruhe<br \/>mit der Zweckbestimmung, dass dieses Verm\u00f6gen unmittelbar und ausschlie\u00dflich zur F\u00f6rderung des Sports verwendet werden darf.<\/li><\/ol>\t\t\t\t\t\t<\/div>\n\t\t\t\t<\/div>\n\t\t\t\t\t<\/div>\n\t\t<\/div>\n\t\t\t\t\t<\/div>\n\t\t<\/section>\n\t\t\t\t<\/div>\n\t\t","protected":false},"excerpt":{"rendered":"<p>Der Fechtclub Ravenstein ist einer der wenigen Vereine die aus der, auf Initiative von Emil Beck gegr\u00fcndeten Arbeitsgemeinschaft (AG) Badisch-Franken hervorgingen und [&hellip;]<\/p>\n","protected":false},"author":1,"featured_media":0,"parent":0,"menu_order":0,"comment_status":"closed","ping_status":"closed","template":"","meta":{"footnotes":""},"class_list":["post-281","page","type-page","status-publish","hentry"],"_links":{"self":[{"href":"http:\/\/fecht-club.de\/index.php\/wp-json\/wp\/v2\/pages\/281","targetHints":{"allow":["GET"]}}],"collection":[{"href":"http:\/\/fecht-club.de\/index.php\/wp-json\/wp\/v2\/pages"}],"about":[{"href":"http:\/\/fecht-club.de\/index.php\/wp-json\/wp\/v2\/types\/page"}],"author":[{"embeddable":true,"href":"http:\/\/fecht-club.de\/index.php\/wp-json\/wp\/v2\/users\/1"}],"replies":[{"embeddable":true,"href":"http:\/\/fecht-club.de\/index.php\/wp-json\/wp\/v2\/comments?post=281"}],"version-history":[{"count":9,"href":"http:\/\/fecht-club.de\/index.php\/wp-json\/wp\/v2\/pages\/281\/revisions"}],"predecessor-version":[{"id":293,"href":"http:\/\/fecht-club.de\/index.php\/wp-json\/wp\/v2\/pages\/281\/revisions\/293"}],"wp:attachment":[{"href":"http:\/\/fecht-club.de\/index.php\/wp-json\/wp\/v2\/media?parent=281"}],"curies":[{"name":"wp","href":"https:\/\/api.w.org\/{rel}","templated":true}]}}